{"id":323,"date":"2025-04-10T15:09:23","date_gmt":"2025-04-10T19:09:23","guid":{"rendered":"https:\/\/agora.kation.com.do\/santiago\/arboles\/quinto-ano-fundaciones-arbol-de-la-esperanza\/"},"modified":"2025-04-10T16:29:39","modified_gmt":"2025-04-10T20:29:39","slug":"quinto-ano-fundaciones-arbol-de-la-esperanza","status":"publish","type":"arboles","link":"https:\/\/agora.com.do\/santiago\/arboles\/quinto-ano-fundaciones-arbol-de-la-esperanza\/","title":{"rendered":"Quinto A\u00f1o Fundaciones \u00c1rbol de la Esperanza"},"content":{"rendered":"<div class=\"wp-block-image\">\n<figure class=\"aligncenter size-full\"><img decoding=\"async\" src=\"https:\/\/agora.kation.com.do\/wp-content\/uploads\/2025\/04\/LOGO-VOLUNTARIADO-1-250x300-1.jpg\" alt=\"\" class=\"wp-image-712\"\/><\/figure>\n<\/div>\n\n\n<h4 class=\"wp-block-heading\">Voluntariado Plaza de la Salud<\/h4>\n\n\n\n<p>El prop\u00f3sito es ofrecer ayuda y compa\u00f1\u00eda a los pacientes que acuden al hospital en procura de recuperar su salud, as\u00ed como proporcionar &nbsp;apoyo econ\u00f3mico a los pacientes de bajos recursos.&nbsp; Este Voluntariado est\u00e1 muy comprometido con la detecci\u00f3n temprana del c\u00e1ncer.<\/p>\n\n\n\n<p><strong>Impacto<\/strong><\/p>\n\n\n\n<ul class=\"wp-block-list\">\n<li>Adquisici\u00f3n de un respirador de Alta Frecuencia, que beneficia de forma permanente a reci\u00e9n nacidos en estado critico de salud. Impactando positivamente a la disminuci\u00f3n de la mortalidad neonatal, la cual es muy alta en nuestro pa\u00eds.<\/li>\n<\/ul>\n\n\n<div class=\"wp-block-image\">\n<figure class=\"aligncenter size-full\"><img decoding=\"async\" src=\"https:\/\/agora.kation.com.do\/wp-content\/uploads\/2025\/04\/logo-heart-care-dominicana-1.jpg\" alt=\"\" class=\"wp-image-680\"\/><\/figure>\n<\/div>\n\n\n<h4 class=\"wp-block-heading\">Heart Care Dominicana<\/h4>\n\n\n\n<p>Es una organizaci\u00f3n privada de servicios cardiovasculares sin fines de lucro,&nbsp; la cual impacta m\u00e1s de 3,000 mil personas cada a\u00f1o, ni\u00f1@s y adultos de extrema pobreza, a trav\u00e9s del diagn\u00f3stico temprano de enfermedades cardiovasculares, realizando procedimientos correctivos gratuitos y previniendo estas enfermedades.<\/p>\n\n\n\n<p><strong>Impacto<\/strong><\/p>\n\n\n\n<ul class=\"wp-block-list\">\n<li>Procedimientos correctivos, tanto quir\u00fargicos como hemodin\u00e1micos para 6 ni\u00f1os y ni\u00f1as de extrema pobreza que padecen enfermedades cardiacas que ameritan correcciones.<\/li>\n<\/ul>\n\n\n<div class=\"wp-block-image\">\n<figure class=\"aligncenter size-full\"><img decoding=\"async\" src=\"https:\/\/agora.kation.com.do\/wp-content\/uploads\/2025\/04\/logo_stjude_con_rd-300x257-1.png\" alt=\"\" class=\"wp-image-714\"\/><\/figure>\n<\/div>\n\n\n<h4 class=\"wp-block-heading\">Fundaci\u00f3n St. Jude&nbsp; Republica Dominicana<\/h4>\n\n\n\n<p>Instituci\u00f3n sin fines de lucro, netamente dominicana que se dedica a la ayuda de cientos de ni\u00f1os con c\u00e1ncer que d\u00eda a d\u00eda luchan con est\u00e1 dif\u00edcil enfermedad.<\/p>\n\n\n\n<p><strong>Impacto<\/strong><\/p>\n\n\n\n<ul class=\"wp-block-list\">\n<li>Tratamiento para 5 ni\u00f1os de escasos recursos, diagnosticados con c\u00e1ncer, cubriendo los costos completos de su tratamiento.<\/li>\n<\/ul>\n\n\n<div class=\"wp-block-image\">\n<figure class=\"aligncenter size-full\"><img decoding=\"async\" src=\"https:\/\/agora.kation.com.do\/wp-content\/uploads\/2025\/04\/ytp-logo-nuevo-color-300x220-1.jpg\" alt=\"\" class=\"wp-image-715\"\/><\/figure>\n<\/div>\n\n\n<h4 class=\"wp-block-heading\">Fundaci\u00f3n Yo Tambi\u00e9n Puedo<\/h4>\n\n\n\n<p>Es una fundaci\u00f3n pedag\u00f3gica art\u00edstica que estimula ni\u00f1os, ni\u00f1as, jovenes y adultos con capacidades diferentes, utilizando el arte como medio y herramienta para el desarrollo de sus habilidades sociales, cognitiva de comunicaci\u00f3n y expresi\u00f3n.<\/p>\n\n\n\n<p><strong>Impacto<\/strong><\/p>\n\n\n\n<ul class=\"wp-block-list\">\n<li>Financiamiento del programa de estimulaci\u00f3n para ni\u00f1os y ni\u00f1as con capacidades diferentes.<\/li>\n\n\n\n<li>Compra de materiales y el pago de profesionales especializados para impartir programas de estimulaci\u00f3n a trav\u00e9s de las artes.<\/li>\n<\/ul>\n\n\n\n<p><\/p>\n","protected":false},"featured_media":344,"template":"","class_list":["post-323","arboles","type-arboles","status-publish","has-post-thumbnail","hentry"],"acf":[],"yoast_head":"<!-- This site is optimized with the Yoast SEO plugin v27.4 - https:\/\/yoast.com\/product\/yoast-seo-wordpress\/ -->\n<title>Quinto A\u00f1o Fundaciones \u00c1rbol de la Esperanza - Santiago<\/title>\n<meta name=\"robots\" content=\"index, follow, max-snippet:-1, max-image-preview:large, max-video-preview:-1\" \/>\n<link rel=\"canonical\" href=\"https:\/\/agora.com.do\/santiago\/arboles\/quinto-ano-fundaciones-arbol-de-la-esperanza\/\" \/>\n<meta property=\"og:locale\" content=\"es_ES\" \/>\n<meta property=\"og:type\" content=\"article\" \/>\n<meta property=\"og:title\" content=\"Quinto A\u00f1o Fundaciones \u00c1rbol de la Esperanza - Santiago\" \/>\n<meta property=\"og:description\" content=\"Voluntariado Plaza de la Salud El prop\u00f3sito es ofrecer ayuda y compa\u00f1\u00eda a los pacientes que acuden al hospital en procura de recuperar su salud, as\u00ed como proporcionar &nbsp;apoyo econ\u00f3mico a los pacientes de bajos recursos.&nbsp; Este Voluntariado est\u00e1 muy comprometido con la detecci\u00f3n temprana del c\u00e1ncer. Impacto Heart Care Dominicana Es una organizaci\u00f3n privada [&hellip;]\" \/>\n<meta property=\"og:url\" content=\"https:\/\/agora.com.do\/santiago\/arboles\/quinto-ano-fundaciones-arbol-de-la-esperanza\/\" \/>\n<meta property=\"og:site_name\" content=\"Santiago\" \/>\n<meta property=\"article:publisher\" content=\"https:\/\/www.facebook.com\/agorasantiagocenter\/\" \/>\n<meta property=\"article:modified_time\" content=\"2025-04-10T20:29:39+00:00\" \/>\n<meta property=\"og:image\" content=\"https:\/\/agora.com.do\/santiago\/wp-content\/uploads\/sites\/2\/2025\/04\/placeholder-1.jpg\" \/>\n\t<meta property=\"og:image:width\" content=\"1536\" \/>\n\t<meta property=\"og:image:height\" content=\"832\" \/>\n\t<meta property=\"og:image:type\" content=\"image\/jpeg\" \/>\n<meta name=\"twitter:card\" content=\"summary_large_image\" \/>\n<meta name=\"twitter:site\" content=\"@agorasantiagoc\" \/>\n<meta name=\"twitter:label1\" content=\"Est. reading time\" \/>\n\t<meta name=\"twitter:data1\" content=\"2 minutos\" \/>\n<script type=\"application\/ld+json\" class=\"yoast-schema-graph\">{\"@context\":\"https:\\\/\\\/schema.org\",\"@graph\":[{\"@type\":\"WebPage\",\"@id\":\"https:\\\/\\\/agora.com.do\\\/santiago\\\/arboles\\\/quinto-ano-fundaciones-arbol-de-la-esperanza\\\/\",\"url\":\"https:\\\/\\\/agora.com.do\\\/santiago\\\/arboles\\\/quinto-ano-fundaciones-arbol-de-la-esperanza\\\/\",\"name\":\"Quinto A\u00f1o Fundaciones \u00c1rbol de la Esperanza - Santiago\",\"isPartOf\":{\"@id\":\"https:\\\/\\\/agora.com.do\\\/santiago\\\/#website\"},\"primaryImageOfPage\":{\"@id\":\"https:\\\/\\\/agora.com.do\\\/santiago\\\/arboles\\\/quinto-ano-fundaciones-arbol-de-la-esperanza\\\/#primaryimage\"},\"image\":{\"@id\":\"https:\\\/\\\/agora.com.do\\\/santiago\\\/arboles\\\/quinto-ano-fundaciones-arbol-de-la-esperanza\\\/#primaryimage\"},\"thumbnailUrl\":\"https:\\\/\\\/agora.com.do\\\/santiago\\\/wp-content\\\/uploads\\\/sites\\\/2\\\/2025\\\/04\\\/placeholder-1.jpg\",\"datePublished\":\"2025-04-10T19:09:23+00:00\",\"dateModified\":\"2025-04-10T20:29:39+00:00\",\"breadcrumb\":{\"@id\":\"https:\\\/\\\/agora.com.do\\\/santiago\\\/arboles\\\/quinto-ano-fundaciones-arbol-de-la-esperanza\\\/#breadcrumb\"},\"inLanguage\":\"es-DO\",\"potentialAction\":[{\"@type\":\"ReadAction\",\"target\":[\"https:\\\/\\\/agora.com.do\\\/santiago\\\/arboles\\\/quinto-ano-fundaciones-arbol-de-la-esperanza\\\/\"]}]},{\"@type\":\"ImageObject\",\"inLanguage\":\"es-DO\",\"@id\":\"https:\\\/\\\/agora.com.do\\\/santiago\\\/arboles\\\/quinto-ano-fundaciones-arbol-de-la-esperanza\\\/#primaryimage\",\"url\":\"https:\\\/\\\/agora.com.do\\\/santiago\\\/wp-content\\\/uploads\\\/sites\\\/2\\\/2025\\\/04\\\/placeholder-1.jpg\",\"contentUrl\":\"https:\\\/\\\/agora.com.do\\\/santiago\\\/wp-content\\\/uploads\\\/sites\\\/2\\\/2025\\\/04\\\/placeholder-1.jpg\",\"width\":1536,\"height\":832},{\"@type\":\"BreadcrumbList\",\"@id\":\"https:\\\/\\\/agora.com.do\\\/santiago\\\/arboles\\\/quinto-ano-fundaciones-arbol-de-la-esperanza\\\/#breadcrumb\",\"itemListElement\":[{\"@type\":\"ListItem\",\"position\":1,\"name\":\"Home\",\"item\":\"https:\\\/\\\/agora.com.do\\\/santiago\\\/\"},{\"@type\":\"ListItem\",\"position\":2,\"name\":\"\u00c1rboles de la esperanza\",\"item\":\"https:\\\/\\\/agora.com.do\\\/santiago\\\/arboles\\\/\"},{\"@type\":\"ListItem\",\"position\":3,\"name\":\"Quinto A\u00f1o Fundaciones \u00c1rbol de la Esperanza\"}]},{\"@type\":\"WebSite\",\"@id\":\"https:\\\/\\\/agora.com.do\\\/santiago\\\/#website\",\"url\":\"https:\\\/\\\/agora.com.do\\\/santiago\\\/\",\"name\":\"\u00c1gora Santiago Center\",\"description\":\"\",\"publisher\":{\"@id\":\"https:\\\/\\\/agora.com.do\\\/santiago\\\/#organization\"},\"potentialAction\":[{\"@type\":\"SearchAction\",\"target\":{\"@type\":\"EntryPoint\",\"urlTemplate\":\"https:\\\/\\\/agora.com.do\\\/santiago\\\/?s={search_term_string}\"},\"query-input\":{\"@type\":\"PropertyValueSpecification\",\"valueRequired\":true,\"valueName\":\"search_term_string\"}}],\"inLanguage\":\"es-DO\"},{\"@type\":\"Organization\",\"@id\":\"https:\\\/\\\/agora.com.do\\\/santiago\\\/#organization\",\"name\":\"\u00c1gora Santiago Center\",\"url\":\"https:\\\/\\\/agora.com.do\\\/santiago\\\/\",\"logo\":{\"@type\":\"ImageObject\",\"inLanguage\":\"es-DO\",\"@id\":\"https:\\\/\\\/agora.com.do\\\/santiago\\\/#\\\/schema\\\/logo\\\/image\\\/\",\"url\":\"https:\\\/\\\/agora.com.do\\\/santiago\\\/wp-content\\\/uploads\\\/sites\\\/2\\\/2025\\\/04\\\/image-3-1.png\",\"contentUrl\":\"https:\\\/\\\/agora.com.do\\\/santiago\\\/wp-content\\\/uploads\\\/sites\\\/2\\\/2025\\\/04\\\/image-3-1.png\",\"width\":263,\"height\":81,\"caption\":\"\u00c1gora Santiago Center\"},\"image\":{\"@id\":\"https:\\\/\\\/agora.com.do\\\/santiago\\\/#\\\/schema\\\/logo\\\/image\\\/\"},\"sameAs\":[\"https:\\\/\\\/www.facebook.com\\\/agorasantiagocenter\\\/\",\"https:\\\/\\\/x.com\\\/agorasantiagoc\",\"https:\\\/\\\/www.instagram.com\\\/agorasantiagocenter\\\/\",\"https:\\\/\\\/www.tiktok.com\\\/@agorasantiagocenter\",\"https:\\\/\\\/www.youtube.com\\\/@agorasantiagocenter-Stgo\"]}]}<\/script>\n<!-- \/ Yoast SEO plugin. -->","yoast_head_json":{"title":"Quinto A\u00f1o Fundaciones \u00c1rbol de la Esperanza - Santiago","robots":{"index":"index","follow":"follow","max-snippet":"max-snippet:-1","max-image-preview":"max-image-preview:large","max-video-preview":"max-video-preview:-1"},"canonical":"https:\/\/agora.com.do\/santiago\/arboles\/quinto-ano-fundaciones-arbol-de-la-esperanza\/","og_locale":"es_ES","og_type":"article","og_title":"Quinto A\u00f1o Fundaciones \u00c1rbol de la Esperanza - Santiago","og_description":"Voluntariado Plaza de la Salud El prop\u00f3sito es ofrecer ayuda y compa\u00f1\u00eda a los pacientes que acuden al hospital en procura de recuperar su salud, as\u00ed como proporcionar &nbsp;apoyo econ\u00f3mico a los pacientes de bajos recursos.&nbsp; Este Voluntariado est\u00e1 muy comprometido con la detecci\u00f3n temprana del c\u00e1ncer. Impacto Heart Care Dominicana Es una organizaci\u00f3n privada [&hellip;]","og_url":"https:\/\/agora.com.do\/santiago\/arboles\/quinto-ano-fundaciones-arbol-de-la-esperanza\/","og_site_name":"Santiago","article_publisher":"https:\/\/www.facebook.com\/agorasantiagocenter\/","article_modified_time":"2025-04-10T20:29:39+00:00","og_image":[{"width":1536,"height":832,"url":"https:\/\/agora.com.do\/santiago\/wp-content\/uploads\/sites\/2\/2025\/04\/placeholder-1.jpg","type":"image\/jpeg"}],"twitter_card":"summary_large_image","twitter_site":"@agorasantiagoc","twitter_misc":{"Est. reading time":"2 minutos"},"schema":{"@context":"https:\/\/schema.org","@graph":[{"@type":"WebPage","@id":"https:\/\/agora.com.do\/santiago\/arboles\/quinto-ano-fundaciones-arbol-de-la-esperanza\/","url":"https:\/\/agora.com.do\/santiago\/arboles\/quinto-ano-fundaciones-arbol-de-la-esperanza\/","name":"Quinto A\u00f1o Fundaciones \u00c1rbol de la Esperanza - Santiago","isPartOf":{"@id":"https:\/\/agora.com.do\/santiago\/#website"},"primaryImageOfPage":{"@id":"https:\/\/agora.com.do\/santiago\/arboles\/quinto-ano-fundaciones-arbol-de-la-esperanza\/#primaryimage"},"image":{"@id":"https:\/\/agora.com.do\/santiago\/arboles\/quinto-ano-fundaciones-arbol-de-la-esperanza\/#primaryimage"},"thumbnailUrl":"https:\/\/agora.com.do\/santiago\/wp-content\/uploads\/sites\/2\/2025\/04\/placeholder-1.jpg","datePublished":"2025-04-10T19:09:23+00:00","dateModified":"2025-04-10T20:29:39+00:00","breadcrumb":{"@id":"https:\/\/agora.com.do\/santiago\/arboles\/quinto-ano-fundaciones-arbol-de-la-esperanza\/#breadcrumb"},"inLanguage":"es-DO","potentialAction":[{"@type":"ReadAction","target":["https:\/\/agora.com.do\/santiago\/arboles\/quinto-ano-fundaciones-arbol-de-la-esperanza\/"]}]},{"@type":"ImageObject","inLanguage":"es-DO","@id":"https:\/\/agora.com.do\/santiago\/arboles\/quinto-ano-fundaciones-arbol-de-la-esperanza\/#primaryimage","url":"https:\/\/agora.com.do\/santiago\/wp-content\/uploads\/sites\/2\/2025\/04\/placeholder-1.jpg","contentUrl":"https:\/\/agora.com.do\/santiago\/wp-content\/uploads\/sites\/2\/2025\/04\/placeholder-1.jpg","width":1536,"height":832},{"@type":"BreadcrumbList","@id":"https:\/\/agora.com.do\/santiago\/arboles\/quinto-ano-fundaciones-arbol-de-la-esperanza\/#breadcrumb","itemListElement":[{"@type":"ListItem","position":1,"name":"Home","item":"https:\/\/agora.com.do\/santiago\/"},{"@type":"ListItem","position":2,"name":"\u00c1rboles de la esperanza","item":"https:\/\/agora.com.do\/santiago\/arboles\/"},{"@type":"ListItem","position":3,"name":"Quinto A\u00f1o Fundaciones \u00c1rbol de la Esperanza"}]},{"@type":"WebSite","@id":"https:\/\/agora.com.do\/santiago\/#website","url":"https:\/\/agora.com.do\/santiago\/","name":"\u00c1gora Santiago Center","description":"","publisher":{"@id":"https:\/\/agora.com.do\/santiago\/#organization"},"potentialAction":[{"@type":"SearchAction","target":{"@type":"EntryPoint","urlTemplate":"https:\/\/agora.com.do\/santiago\/?s={search_term_string}"},"query-input":{"@type":"PropertyValueSpecification","valueRequired":true,"valueName":"search_term_string"}}],"inLanguage":"es-DO"},{"@type":"Organization","@id":"https:\/\/agora.com.do\/santiago\/#organization","name":"\u00c1gora Santiago Center","url":"https:\/\/agora.com.do\/santiago\/","logo":{"@type":"ImageObject","inLanguage":"es-DO","@id":"https:\/\/agora.com.do\/santiago\/#\/schema\/logo\/image\/","url":"https:\/\/agora.com.do\/santiago\/wp-content\/uploads\/sites\/2\/2025\/04\/image-3-1.png","contentUrl":"https:\/\/agora.com.do\/santiago\/wp-content\/uploads\/sites\/2\/2025\/04\/image-3-1.png","width":263,"height":81,"caption":"\u00c1gora Santiago Center"},"image":{"@id":"https:\/\/agora.com.do\/santiago\/#\/schema\/logo\/image\/"},"sameAs":["https:\/\/www.facebook.com\/agorasantiagocenter\/","https:\/\/x.com\/agorasantiagoc","https:\/\/www.instagram.com\/agorasantiagocenter\/","https:\/\/www.tiktok.com\/@agorasantiagocenter","https:\/\/www.youtube.com\/@agorasantiagocenter-Stgo"]}]}},"_links":{"self":[{"href":"https:\/\/agora.com.do\/santiago\/wp-json\/wp\/v2\/arboles\/323","targetHints":{"allow":["GET"]}}],"collection":[{"href":"https:\/\/agora.com.do\/santiago\/wp-json\/wp\/v2\/arboles"}],"about":[{"href":"https:\/\/agora.com.do\/santiago\/wp-json\/wp\/v2\/types\/arboles"}],"wp:featuredmedia":[{"embeddable":true,"href":"https:\/\/agora.com.do\/santiago\/wp-json\/wp\/v2\/media\/344"}],"wp:attachment":[{"href":"https:\/\/agora.com.do\/santiago\/wp-json\/wp\/v2\/media?parent=323"}],"curies":[{"name":"wp","href":"https:\/\/api.w.org\/{rel}","templated":true}]}}