{"id":325,"date":"2025-04-10T15:09:23","date_gmt":"2025-04-10T19:09:23","guid":{"rendered":"https:\/\/agora.kation.com.do\/santiago\/arboles\/tercer-ano-fundaciones-arbol-de-la-esperanza\/"},"modified":"2025-04-10T16:29:49","modified_gmt":"2025-04-10T20:29:49","slug":"tercer-ano-fundaciones-arbol-de-la-esperanza","status":"publish","type":"arboles","link":"https:\/\/agora.com.do\/santiago\/arboles\/tercer-ano-fundaciones-arbol-de-la-esperanza\/","title":{"rendered":"Tercer A\u00f1o Fundaciones \u00c1rbol de la Esperanza"},"content":{"rendered":"\n<h4 class=\"wp-block-heading has-text-align-center\"><img decoding=\"async\" class=\"wp-image-693\" style=\"width: 200px;\" src=\"https:\/\/agora.kation.com.do\/wp-content\/uploads\/2025\/04\/logo-educa-1.jpg\" alt=\"\"><\/h4>\n\n\n\n<h4 class=\"wp-block-heading\">EDUCA<\/h4>\n\n\n\n<p>Es una acci\u00f3n empresarial por la educaci\u00f3n, que promueve alianzas para impulsar los cambios que requiere el sistema educativo.<\/p>\n\n\n\n<p><strong>Impacto<\/strong><\/p>\n\n\n\n<ul class=\"wp-block-list\">\n<li>Dar a conocer los proyectos que Educa promueve a favor de la calidad de la educaci\u00f3n.<\/li>\n\n\n\n<li>Ofrecer actividades familiares y educativas.<\/li>\n\n\n\n<li>Involucrar al sector privado en este proyecto de solidaridad.<\/li>\n\n\n\n<li>Mostrar a la sociedad lo que necesitamos para mejorar la calidad de la educaci\u00f3n.<\/li>\n\n\n\n<li>Llevar el mensaje clave de que necesitamos mejores maestros, mejores ciudadanos para tener en un futuro no muy lejano, un mejor pa\u00eds.<\/li>\n<\/ul>\n\n\n\n<h4 class=\"wp-block-heading has-text-align-center\"><img decoding=\"async\" class=\"wp-image-696\" style=\"width: 300px;\" src=\"https:\/\/agora.kation.com.do\/wp-content\/uploads\/2025\/04\/operacion_sonrisa_rd-1-300x78-1.jpg\" alt=\"\"><\/h4>\n\n\n\n<h4 class=\"wp-block-heading\">Operaci\u00f3n sonrisas<\/h4>\n\n\n\n<p>Se dedica a operar ni\u00f1os con labio y\/o paladar hendido.<\/p>\n\n\n\n<p><strong>Impacto&nbsp;<\/strong><\/p>\n\n\n\n<ul class=\"wp-block-list\">\n<li>Logr\u00f3 recaudar fondos para las cirug\u00edas de 100 pacientes operados en el Buque Hospital USNS Comfort.<\/li>\n<\/ul>\n\n\n\n<h4 class=\"wp-block-heading has-text-align-center\"><img decoding=\"async\" class=\"wp-image-699\" style=\"width: 200px;\" src=\"https:\/\/agora.kation.com.do\/wp-content\/uploads\/2025\/04\/aprendiendo_a_vivir-1.jpg\" alt=\"\"><\/h4>\n\n\n\n<h4 class=\"wp-block-heading\">Aprendiendo a vivir<\/h4>\n\n\n\n<p>Ofrece el \u00fanico centro de educaci\u00f3n y asistencia a personas que viven con diabetes en la republica dominicana.<\/p>\n\n\n\n<p><strong>Impacto<\/strong><\/p>\n\n\n\n<ul class=\"wp-block-list\">\n<li>Garantizar los medicamentos ( tirillas e insulina ) para los 400 ni\u00f1os activos en la fundaci\u00f3n por los pr\u00f3ximos 6 meses.<\/li>\n\n\n\n<li>Garantizar el acceso a su educaci\u00f3n en nuestro centro de educaci\u00f3n por el pr\u00f3ximo a\u00f1o.<\/li>\n<\/ul>\n\n\n\n<h4 class=\"wp-block-heading has-text-align-center\"><img decoding=\"async\" class=\"wp-image-700\" style=\"width: 300px;\" src=\"https:\/\/agora.kation.com.do\/wp-content\/uploads\/2025\/04\/fundacion_dr_juan_manuel_taveras_r-1-300x72-1.png\" alt=\"\"><\/h4>\n\n\n\n<h4 class=\"wp-block-heading\">Fundaci\u00f3n Dr. Juan M Taveras R.<\/h4>\n\n\n\n<p>Recolecta recursos econ\u00f3micos para apoyar a pacientes de escasos recursos en cirug\u00edas de alto costo, en el centro m\u00e9dico Cedimat.<\/p>\n\n\n\n<p><strong>Impacto<\/strong><\/p>\n\n\n\n<ul class=\"wp-block-list\">\n<li>Poder operar a 20 ni\u00f1os de coraz\u00f3n &nbsp;abierto y lograr que familias permanezcan unidas.<\/li>\n<\/ul>\n\n\n\n<p><\/p>\n","protected":false},"featured_media":344,"template":"","class_list":["post-325","arboles","type-arboles","status-publish","has-post-thumbnail","hentry"],"acf":[],"yoast_head":"<!-- This site is optimized with the Yoast SEO plugin v27.4 - https:\/\/yoast.com\/product\/yoast-seo-wordpress\/ -->\n<title>Tercer A\u00f1o Fundaciones \u00c1rbol de la Esperanza - Santiago<\/title>\n<meta name=\"robots\" content=\"index, follow, max-snippet:-1, max-image-preview:large, max-video-preview:-1\" \/>\n<link rel=\"canonical\" href=\"https:\/\/agora.com.do\/santiago\/arboles\/tercer-ano-fundaciones-arbol-de-la-esperanza\/\" \/>\n<meta property=\"og:locale\" content=\"es_ES\" \/>\n<meta property=\"og:type\" content=\"article\" \/>\n<meta property=\"og:title\" content=\"Tercer A\u00f1o Fundaciones \u00c1rbol de la Esperanza - Santiago\" \/>\n<meta property=\"og:description\" content=\"EDUCA Es una acci\u00f3n empresarial por la educaci\u00f3n, que promueve alianzas para impulsar los cambios que requiere el sistema educativo. Impacto Operaci\u00f3n sonrisas Se dedica a operar ni\u00f1os con labio y\/o paladar hendido. Impacto&nbsp; Aprendiendo a vivir Ofrece el \u00fanico centro de educaci\u00f3n y asistencia a personas que viven con diabetes en la republica dominicana. [&hellip;]\" \/>\n<meta property=\"og:url\" content=\"https:\/\/agora.com.do\/santiago\/arboles\/tercer-ano-fundaciones-arbol-de-la-esperanza\/\" \/>\n<meta property=\"og:site_name\" content=\"Santiago\" \/>\n<meta property=\"article:publisher\" content=\"https:\/\/www.facebook.com\/agorasantiagocenter\/\" \/>\n<meta property=\"article:modified_time\" content=\"2025-04-10T20:29:49+00:00\" \/>\n<meta property=\"og:image\" content=\"https:\/\/agora.com.do\/santiago\/wp-content\/uploads\/sites\/2\/2025\/04\/placeholder-1.jpg\" \/>\n\t<meta property=\"og:image:width\" content=\"1536\" \/>\n\t<meta property=\"og:image:height\" content=\"832\" \/>\n\t<meta property=\"og:image:type\" content=\"image\/jpeg\" \/>\n<meta name=\"twitter:card\" content=\"summary_large_image\" \/>\n<meta name=\"twitter:site\" content=\"@agorasantiagoc\" \/>\n<meta name=\"twitter:label1\" content=\"Est. reading time\" \/>\n\t<meta name=\"twitter:data1\" content=\"1 minuto\" \/>\n<script type=\"application\/ld+json\" class=\"yoast-schema-graph\">{\"@context\":\"https:\\\/\\\/schema.org\",\"@graph\":[{\"@type\":\"WebPage\",\"@id\":\"https:\\\/\\\/agora.com.do\\\/santiago\\\/arboles\\\/tercer-ano-fundaciones-arbol-de-la-esperanza\\\/\",\"url\":\"https:\\\/\\\/agora.com.do\\\/santiago\\\/arboles\\\/tercer-ano-fundaciones-arbol-de-la-esperanza\\\/\",\"name\":\"Tercer A\u00f1o Fundaciones \u00c1rbol de la Esperanza - Santiago\",\"isPartOf\":{\"@id\":\"https:\\\/\\\/agora.com.do\\\/santiago\\\/#website\"},\"primaryImageOfPage\":{\"@id\":\"https:\\\/\\\/agora.com.do\\\/santiago\\\/arboles\\\/tercer-ano-fundaciones-arbol-de-la-esperanza\\\/#primaryimage\"},\"image\":{\"@id\":\"https:\\\/\\\/agora.com.do\\\/santiago\\\/arboles\\\/tercer-ano-fundaciones-arbol-de-la-esperanza\\\/#primaryimage\"},\"thumbnailUrl\":\"https:\\\/\\\/agora.com.do\\\/santiago\\\/wp-content\\\/uploads\\\/sites\\\/2\\\/2025\\\/04\\\/placeholder-1.jpg\",\"datePublished\":\"2025-04-10T19:09:23+00:00\",\"dateModified\":\"2025-04-10T20:29:49+00:00\",\"breadcrumb\":{\"@id\":\"https:\\\/\\\/agora.com.do\\\/santiago\\\/arboles\\\/tercer-ano-fundaciones-arbol-de-la-esperanza\\\/#breadcrumb\"},\"inLanguage\":\"es-DO\",\"potentialAction\":[{\"@type\":\"ReadAction\",\"target\":[\"https:\\\/\\\/agora.com.do\\\/santiago\\\/arboles\\\/tercer-ano-fundaciones-arbol-de-la-esperanza\\\/\"]}]},{\"@type\":\"ImageObject\",\"inLanguage\":\"es-DO\",\"@id\":\"https:\\\/\\\/agora.com.do\\\/santiago\\\/arboles\\\/tercer-ano-fundaciones-arbol-de-la-esperanza\\\/#primaryimage\",\"url\":\"https:\\\/\\\/agora.com.do\\\/santiago\\\/wp-content\\\/uploads\\\/sites\\\/2\\\/2025\\\/04\\\/placeholder-1.jpg\",\"contentUrl\":\"https:\\\/\\\/agora.com.do\\\/santiago\\\/wp-content\\\/uploads\\\/sites\\\/2\\\/2025\\\/04\\\/placeholder-1.jpg\",\"width\":1536,\"height\":832},{\"@type\":\"BreadcrumbList\",\"@id\":\"https:\\\/\\\/agora.com.do\\\/santiago\\\/arboles\\\/tercer-ano-fundaciones-arbol-de-la-esperanza\\\/#breadcrumb\",\"itemListElement\":[{\"@type\":\"ListItem\",\"position\":1,\"name\":\"Home\",\"item\":\"https:\\\/\\\/agora.com.do\\\/santiago\\\/\"},{\"@type\":\"ListItem\",\"position\":2,\"name\":\"\u00c1rboles de la esperanza\",\"item\":\"https:\\\/\\\/agora.com.do\\\/santiago\\\/arboles\\\/\"},{\"@type\":\"ListItem\",\"position\":3,\"name\":\"Tercer A\u00f1o Fundaciones \u00c1rbol de la Esperanza\"}]},{\"@type\":\"WebSite\",\"@id\":\"https:\\\/\\\/agora.com.do\\\/santiago\\\/#website\",\"url\":\"https:\\\/\\\/agora.com.do\\\/santiago\\\/\",\"name\":\"\u00c1gora Santiago Center\",\"description\":\"\",\"publisher\":{\"@id\":\"https:\\\/\\\/agora.com.do\\\/santiago\\\/#organization\"},\"potentialAction\":[{\"@type\":\"SearchAction\",\"target\":{\"@type\":\"EntryPoint\",\"urlTemplate\":\"https:\\\/\\\/agora.com.do\\\/santiago\\\/?s={search_term_string}\"},\"query-input\":{\"@type\":\"PropertyValueSpecification\",\"valueRequired\":true,\"valueName\":\"search_term_string\"}}],\"inLanguage\":\"es-DO\"},{\"@type\":\"Organization\",\"@id\":\"https:\\\/\\\/agora.com.do\\\/santiago\\\/#organization\",\"name\":\"\u00c1gora Santiago Center\",\"url\":\"https:\\\/\\\/agora.com.do\\\/santiago\\\/\",\"logo\":{\"@type\":\"ImageObject\",\"inLanguage\":\"es-DO\",\"@id\":\"https:\\\/\\\/agora.com.do\\\/santiago\\\/#\\\/schema\\\/logo\\\/image\\\/\",\"url\":\"https:\\\/\\\/agora.com.do\\\/santiago\\\/wp-content\\\/uploads\\\/sites\\\/2\\\/2025\\\/04\\\/image-3-1.png\",\"contentUrl\":\"https:\\\/\\\/agora.com.do\\\/santiago\\\/wp-content\\\/uploads\\\/sites\\\/2\\\/2025\\\/04\\\/image-3-1.png\",\"width\":263,\"height\":81,\"caption\":\"\u00c1gora Santiago Center\"},\"image\":{\"@id\":\"https:\\\/\\\/agora.com.do\\\/santiago\\\/#\\\/schema\\\/logo\\\/image\\\/\"},\"sameAs\":[\"https:\\\/\\\/www.facebook.com\\\/agorasantiagocenter\\\/\",\"https:\\\/\\\/x.com\\\/agorasantiagoc\",\"https:\\\/\\\/www.instagram.com\\\/agorasantiagocenter\\\/\",\"https:\\\/\\\/www.tiktok.com\\\/@agorasantiagocenter\",\"https:\\\/\\\/www.youtube.com\\\/@agorasantiagocenter-Stgo\"]}]}<\/script>\n<!-- \/ Yoast SEO plugin. -->","yoast_head_json":{"title":"Tercer A\u00f1o Fundaciones \u00c1rbol de la Esperanza - Santiago","robots":{"index":"index","follow":"follow","max-snippet":"max-snippet:-1","max-image-preview":"max-image-preview:large","max-video-preview":"max-video-preview:-1"},"canonical":"https:\/\/agora.com.do\/santiago\/arboles\/tercer-ano-fundaciones-arbol-de-la-esperanza\/","og_locale":"es_ES","og_type":"article","og_title":"Tercer A\u00f1o Fundaciones \u00c1rbol de la Esperanza - Santiago","og_description":"EDUCA Es una acci\u00f3n empresarial por la educaci\u00f3n, que promueve alianzas para impulsar los cambios que requiere el sistema educativo. Impacto Operaci\u00f3n sonrisas Se dedica a operar ni\u00f1os con labio y\/o paladar hendido. Impacto&nbsp; Aprendiendo a vivir Ofrece el \u00fanico centro de educaci\u00f3n y asistencia a personas que viven con diabetes en la republica dominicana. [&hellip;]","og_url":"https:\/\/agora.com.do\/santiago\/arboles\/tercer-ano-fundaciones-arbol-de-la-esperanza\/","og_site_name":"Santiago","article_publisher":"https:\/\/www.facebook.com\/agorasantiagocenter\/","article_modified_time":"2025-04-10T20:29:49+00:00","og_image":[{"width":1536,"height":832,"url":"https:\/\/agora.com.do\/santiago\/wp-content\/uploads\/sites\/2\/2025\/04\/placeholder-1.jpg","type":"image\/jpeg"}],"twitter_card":"summary_large_image","twitter_site":"@agorasantiagoc","twitter_misc":{"Est. reading time":"1 minuto"},"schema":{"@context":"https:\/\/schema.org","@graph":[{"@type":"WebPage","@id":"https:\/\/agora.com.do\/santiago\/arboles\/tercer-ano-fundaciones-arbol-de-la-esperanza\/","url":"https:\/\/agora.com.do\/santiago\/arboles\/tercer-ano-fundaciones-arbol-de-la-esperanza\/","name":"Tercer A\u00f1o Fundaciones \u00c1rbol de la Esperanza - Santiago","isPartOf":{"@id":"https:\/\/agora.com.do\/santiago\/#website"},"primaryImageOfPage":{"@id":"https:\/\/agora.com.do\/santiago\/arboles\/tercer-ano-fundaciones-arbol-de-la-esperanza\/#primaryimage"},"image":{"@id":"https:\/\/agora.com.do\/santiago\/arboles\/tercer-ano-fundaciones-arbol-de-la-esperanza\/#primaryimage"},"thumbnailUrl":"https:\/\/agora.com.do\/santiago\/wp-content\/uploads\/sites\/2\/2025\/04\/placeholder-1.jpg","datePublished":"2025-04-10T19:09:23+00:00","dateModified":"2025-04-10T20:29:49+00:00","breadcrumb":{"@id":"https:\/\/agora.com.do\/santiago\/arboles\/tercer-ano-fundaciones-arbol-de-la-esperanza\/#breadcrumb"},"inLanguage":"es-DO","potentialAction":[{"@type":"ReadAction","target":["https:\/\/agora.com.do\/santiago\/arboles\/tercer-ano-fundaciones-arbol-de-la-esperanza\/"]}]},{"@type":"ImageObject","inLanguage":"es-DO","@id":"https:\/\/agora.com.do\/santiago\/arboles\/tercer-ano-fundaciones-arbol-de-la-esperanza\/#primaryimage","url":"https:\/\/agora.com.do\/santiago\/wp-content\/uploads\/sites\/2\/2025\/04\/placeholder-1.jpg","contentUrl":"https:\/\/agora.com.do\/santiago\/wp-content\/uploads\/sites\/2\/2025\/04\/placeholder-1.jpg","width":1536,"height":832},{"@type":"BreadcrumbList","@id":"https:\/\/agora.com.do\/santiago\/arboles\/tercer-ano-fundaciones-arbol-de-la-esperanza\/#breadcrumb","itemListElement":[{"@type":"ListItem","position":1,"name":"Home","item":"https:\/\/agora.com.do\/santiago\/"},{"@type":"ListItem","position":2,"name":"\u00c1rboles de la esperanza","item":"https:\/\/agora.com.do\/santiago\/arboles\/"},{"@type":"ListItem","position":3,"name":"Tercer A\u00f1o Fundaciones \u00c1rbol de la Esperanza"}]},{"@type":"WebSite","@id":"https:\/\/agora.com.do\/santiago\/#website","url":"https:\/\/agora.com.do\/santiago\/","name":"\u00c1gora Santiago Center","description":"","publisher":{"@id":"https:\/\/agora.com.do\/santiago\/#organization"},"potentialAction":[{"@type":"SearchAction","target":{"@type":"EntryPoint","urlTemplate":"https:\/\/agora.com.do\/santiago\/?s={search_term_string}"},"query-input":{"@type":"PropertyValueSpecification","valueRequired":true,"valueName":"search_term_string"}}],"inLanguage":"es-DO"},{"@type":"Organization","@id":"https:\/\/agora.com.do\/santiago\/#organization","name":"\u00c1gora Santiago Center","url":"https:\/\/agora.com.do\/santiago\/","logo":{"@type":"ImageObject","inLanguage":"es-DO","@id":"https:\/\/agora.com.do\/santiago\/#\/schema\/logo\/image\/","url":"https:\/\/agora.com.do\/santiago\/wp-content\/uploads\/sites\/2\/2025\/04\/image-3-1.png","contentUrl":"https:\/\/agora.com.do\/santiago\/wp-content\/uploads\/sites\/2\/2025\/04\/image-3-1.png","width":263,"height":81,"caption":"\u00c1gora Santiago Center"},"image":{"@id":"https:\/\/agora.com.do\/santiago\/#\/schema\/logo\/image\/"},"sameAs":["https:\/\/www.facebook.com\/agorasantiagocenter\/","https:\/\/x.com\/agorasantiagoc","https:\/\/www.instagram.com\/agorasantiagocenter\/","https:\/\/www.tiktok.com\/@agorasantiagocenter","https:\/\/www.youtube.com\/@agorasantiagocenter-Stgo"]}]}},"_links":{"self":[{"href":"https:\/\/agora.com.do\/santiago\/wp-json\/wp\/v2\/arboles\/325","targetHints":{"allow":["GET"]}}],"collection":[{"href":"https:\/\/agora.com.do\/santiago\/wp-json\/wp\/v2\/arboles"}],"about":[{"href":"https:\/\/agora.com.do\/santiago\/wp-json\/wp\/v2\/types\/arboles"}],"wp:featuredmedia":[{"embeddable":true,"href":"https:\/\/agora.com.do\/santiago\/wp-json\/wp\/v2\/media\/344"}],"wp:attachment":[{"href":"https:\/\/agora.com.do\/santiago\/wp-json\/wp\/v2\/media?parent=325"}],"curies":[{"name":"wp","href":"https:\/\/api.w.org\/{rel}","templated":true}]}}