{"id":311,"date":"2025-04-10T15:10:00","date_gmt":"2025-04-10T19:10:00","guid":{"rendered":"https:\/\/agora.kation.com.do\/santiago\/sonrisas\/fundaciones-regala-sonrisas-3\/"},"modified":"2025-04-10T16:10:12","modified_gmt":"2025-04-10T20:10:12","slug":"fundaciones-regala-sonrisas-3","status":"publish","type":"sonrisas","link":"https:\/\/agora.com.do\/santiago\/sonrisas\/fundaciones-regala-sonrisas-3\/","title":{"rendered":"Fundaciones Regala Sonrisas 2019"},"content":{"rendered":"\n<h5 class=\"wp-block-heading\">Eliseo \u00c1lvarez Luna<\/h5>\n\n\n\n<p>Nace en el 1991 como el sue\u00f1o del pastor Miguel Garc\u00eda. Han asistido a m\u00e1s de 120 ancianos.<\/p>\n\n\n\n<figure class=\"wp-block-image size-full\"><img decoding=\"async\" src=\"https:\/\/agora.kation.com.do\/wp-content\/uploads\/2025\/04\/hogar-de-ancianos-tres-hermanas.jpg\" alt=\"\" class=\"wp-image-665\"\/><\/figure>\n\n\n\n<h5 class=\"wp-block-heading\">Hogar de Ancianos Tres Hermanas<\/h5>\n\n\n\n<p>Nace en el 2004, para atender a los ancianos necesitados de cuidado en la comunidad de Licey, Santiago.<\/p>\n\n\n\n<figure class=\"wp-block-image size-large\"><img decoding=\"async\" src=\"https:\/\/agora.kation.com.do\/wp-content\/uploads\/2025\/04\/residencia-bethania-1-1024x473.jpg\" alt=\"\" class=\"wp-image-663\"\/><\/figure>\n\n\n\n<h5 class=\"wp-block-heading\">Residencia Bethania<\/h5>\n\n\n\n<p>Nace en el 2006 en Los Minas para acoger a los m\u00e1s necesitados que no tienen hogar o familias, d\u00e1ndoles calidad de vida.<\/p>\n\n\n\n<h5 class=\"wp-block-heading\">Nuestros peque\u00f1os hermanos<\/h5>\n\n\n\n<p>Nace en el 2003 inspirados en los valores cristianos, con el fin de crear un ambiente familiar amoroso y seguro para ni\u00f1os, ni\u00f1as y adolescentes viviendo en condiciones de vulnerabilidad extrema.<\/p>\n\n\n\n<figure class=\"wp-block-image size-full\"><img decoding=\"async\" src=\"https:\/\/agora.kation.com.do\/wp-content\/uploads\/2025\/04\/fundacion-de-corazon-a-corazon-510x382-1.jpg\" alt=\"\" class=\"wp-image-666\"\/><\/figure>\n\n\n\n<h5 class=\"wp-block-heading\">Fundaci\u00f3n de Coraz\u00f3n a Coraz\u00f3n<\/h5>\n\n\n\n<p>Nace en el 2011 con el prop\u00f3sito de trabajar con ni\u00f1os y adultos de escasos recursos para mejorar su calidad de vida.<\/p>\n\n\n\n<h5 class=\"wp-block-heading\">Fundaci\u00f3n Artesanos de paz<\/h5>\n\n\n\n<p>Nace en el 2016 con prop\u00f3sito de formaci\u00f3n y oportunidades a ni\u00f1os y j\u00f3venes de barrios vulnerables y con la meta de cambiar el perfil de pasivo social que encontramos, hacia uno activo social, donde puedan tener capacidad y oportunidad de cambiar sus vidas con su propio talento.<\/p>\n","protected":false},"featured_media":342,"template":"","class_list":["post-311","sonrisas","type-sonrisas","status-publish","has-post-thumbnail","hentry"],"acf":[],"yoast_head":"<!-- This site is optimized with the Yoast SEO plugin v27.4 - https:\/\/yoast.com\/product\/yoast-seo-wordpress\/ -->\n<title>Fundaciones Regala Sonrisas 2019 - Santiago<\/title>\n<meta name=\"robots\" content=\"index, follow, max-snippet:-1, max-image-preview:large, max-video-preview:-1\" \/>\n<link rel=\"canonical\" href=\"https:\/\/agora.com.do\/santiago\/sonrisas\/fundaciones-regala-sonrisas-3\/\" \/>\n<meta property=\"og:locale\" content=\"es_ES\" \/>\n<meta property=\"og:type\" content=\"article\" \/>\n<meta property=\"og:title\" content=\"Fundaciones Regala Sonrisas 2019 - Santiago\" \/>\n<meta property=\"og:description\" content=\"Eliseo \u00c1lvarez Luna Nace en el 1991 como el sue\u00f1o del pastor Miguel Garc\u00eda. Han asistido a m\u00e1s de 120 ancianos. Hogar de Ancianos Tres Hermanas Nace en el 2004, para atender a los ancianos necesitados de cuidado en la comunidad de Licey, Santiago. Residencia Bethania Nace en el 2006 en Los Minas para acoger [&hellip;]\" \/>\n<meta property=\"og:url\" content=\"https:\/\/agora.com.do\/santiago\/sonrisas\/fundaciones-regala-sonrisas-3\/\" \/>\n<meta property=\"og:site_name\" content=\"Santiago\" \/>\n<meta property=\"article:publisher\" content=\"https:\/\/www.facebook.com\/agorasantiagocenter\/\" \/>\n<meta property=\"article:modified_time\" content=\"2025-04-10T20:10:12+00:00\" \/>\n<meta property=\"og:image\" content=\"https:\/\/agora.com.do\/santiago\/wp-content\/uploads\/sites\/2\/2025\/04\/residencia-bethania.jpg\" \/>\n\t<meta property=\"og:image:width\" content=\"1032\" \/>\n\t<meta property=\"og:image:height\" content=\"477\" \/>\n\t<meta property=\"og:image:type\" content=\"image\/jpeg\" \/>\n<meta name=\"twitter:card\" content=\"summary_large_image\" \/>\n<meta name=\"twitter:site\" content=\"@agorasantiagoc\" \/>\n<meta name=\"twitter:label1\" content=\"Est. reading time\" \/>\n\t<meta name=\"twitter:data1\" content=\"1 minuto\" \/>\n<script type=\"application\/ld+json\" class=\"yoast-schema-graph\">{\"@context\":\"https:\\\/\\\/schema.org\",\"@graph\":[{\"@type\":\"WebPage\",\"@id\":\"https:\\\/\\\/agora.com.do\\\/santiago\\\/sonrisas\\\/fundaciones-regala-sonrisas-3\\\/\",\"url\":\"https:\\\/\\\/agora.com.do\\\/santiago\\\/sonrisas\\\/fundaciones-regala-sonrisas-3\\\/\",\"name\":\"Fundaciones Regala Sonrisas 2019 - Santiago\",\"isPartOf\":{\"@id\":\"https:\\\/\\\/agora.com.do\\\/santiago\\\/#website\"},\"primaryImageOfPage\":{\"@id\":\"https:\\\/\\\/agora.com.do\\\/santiago\\\/sonrisas\\\/fundaciones-regala-sonrisas-3\\\/#primaryimage\"},\"image\":{\"@id\":\"https:\\\/\\\/agora.com.do\\\/santiago\\\/sonrisas\\\/fundaciones-regala-sonrisas-3\\\/#primaryimage\"},\"thumbnailUrl\":\"https:\\\/\\\/agora.com.do\\\/santiago\\\/wp-content\\\/uploads\\\/sites\\\/2\\\/2025\\\/04\\\/residencia-bethania.jpg\",\"datePublished\":\"2025-04-10T19:10:00+00:00\",\"dateModified\":\"2025-04-10T20:10:12+00:00\",\"breadcrumb\":{\"@id\":\"https:\\\/\\\/agora.com.do\\\/santiago\\\/sonrisas\\\/fundaciones-regala-sonrisas-3\\\/#breadcrumb\"},\"inLanguage\":\"es-DO\",\"potentialAction\":[{\"@type\":\"ReadAction\",\"target\":[\"https:\\\/\\\/agora.com.do\\\/santiago\\\/sonrisas\\\/fundaciones-regala-sonrisas-3\\\/\"]}]},{\"@type\":\"ImageObject\",\"inLanguage\":\"es-DO\",\"@id\":\"https:\\\/\\\/agora.com.do\\\/santiago\\\/sonrisas\\\/fundaciones-regala-sonrisas-3\\\/#primaryimage\",\"url\":\"https:\\\/\\\/agora.com.do\\\/santiago\\\/wp-content\\\/uploads\\\/sites\\\/2\\\/2025\\\/04\\\/residencia-bethania.jpg\",\"contentUrl\":\"https:\\\/\\\/agora.com.do\\\/santiago\\\/wp-content\\\/uploads\\\/sites\\\/2\\\/2025\\\/04\\\/residencia-bethania.jpg\",\"width\":1032,\"height\":477},{\"@type\":\"BreadcrumbList\",\"@id\":\"https:\\\/\\\/agora.com.do\\\/santiago\\\/sonrisas\\\/fundaciones-regala-sonrisas-3\\\/#breadcrumb\",\"itemListElement\":[{\"@type\":\"ListItem\",\"position\":1,\"name\":\"Home\",\"item\":\"https:\\\/\\\/agora.com.do\\\/santiago\\\/\"},{\"@type\":\"ListItem\",\"position\":2,\"name\":\"Sonrisas\",\"item\":\"https:\\\/\\\/agora.com.do\\\/santiago\\\/sonrisas\\\/\"},{\"@type\":\"ListItem\",\"position\":3,\"name\":\"Fundaciones Regala Sonrisas 2019\"}]},{\"@type\":\"WebSite\",\"@id\":\"https:\\\/\\\/agora.com.do\\\/santiago\\\/#website\",\"url\":\"https:\\\/\\\/agora.com.do\\\/santiago\\\/\",\"name\":\"\u00c1gora Santiago Center\",\"description\":\"\",\"publisher\":{\"@id\":\"https:\\\/\\\/agora.com.do\\\/santiago\\\/#organization\"},\"potentialAction\":[{\"@type\":\"SearchAction\",\"target\":{\"@type\":\"EntryPoint\",\"urlTemplate\":\"https:\\\/\\\/agora.com.do\\\/santiago\\\/?s={search_term_string}\"},\"query-input\":{\"@type\":\"PropertyValueSpecification\",\"valueRequired\":true,\"valueName\":\"search_term_string\"}}],\"inLanguage\":\"es-DO\"},{\"@type\":\"Organization\",\"@id\":\"https:\\\/\\\/agora.com.do\\\/santiago\\\/#organization\",\"name\":\"\u00c1gora Santiago Center\",\"url\":\"https:\\\/\\\/agora.com.do\\\/santiago\\\/\",\"logo\":{\"@type\":\"ImageObject\",\"inLanguage\":\"es-DO\",\"@id\":\"https:\\\/\\\/agora.com.do\\\/santiago\\\/#\\\/schema\\\/logo\\\/image\\\/\",\"url\":\"https:\\\/\\\/agora.com.do\\\/santiago\\\/wp-content\\\/uploads\\\/sites\\\/2\\\/2025\\\/04\\\/image-3-1.png\",\"contentUrl\":\"https:\\\/\\\/agora.com.do\\\/santiago\\\/wp-content\\\/uploads\\\/sites\\\/2\\\/2025\\\/04\\\/image-3-1.png\",\"width\":263,\"height\":81,\"caption\":\"\u00c1gora Santiago Center\"},\"image\":{\"@id\":\"https:\\\/\\\/agora.com.do\\\/santiago\\\/#\\\/schema\\\/logo\\\/image\\\/\"},\"sameAs\":[\"https:\\\/\\\/www.facebook.com\\\/agorasantiagocenter\\\/\",\"https:\\\/\\\/x.com\\\/agorasantiagoc\",\"https:\\\/\\\/www.instagram.com\\\/agorasantiagocenter\\\/\",\"https:\\\/\\\/www.tiktok.com\\\/@agorasantiagocenter\",\"https:\\\/\\\/www.youtube.com\\\/@agorasantiagocenter-Stgo\"]}]}<\/script>\n<!-- \/ Yoast SEO plugin. -->","yoast_head_json":{"title":"Fundaciones Regala Sonrisas 2019 - Santiago","robots":{"index":"index","follow":"follow","max-snippet":"max-snippet:-1","max-image-preview":"max-image-preview:large","max-video-preview":"max-video-preview:-1"},"canonical":"https:\/\/agora.com.do\/santiago\/sonrisas\/fundaciones-regala-sonrisas-3\/","og_locale":"es_ES","og_type":"article","og_title":"Fundaciones Regala Sonrisas 2019 - Santiago","og_description":"Eliseo \u00c1lvarez Luna Nace en el 1991 como el sue\u00f1o del pastor Miguel Garc\u00eda. Han asistido a m\u00e1s de 120 ancianos. Hogar de Ancianos Tres Hermanas Nace en el 2004, para atender a los ancianos necesitados de cuidado en la comunidad de Licey, Santiago. Residencia Bethania Nace en el 2006 en Los Minas para acoger [&hellip;]","og_url":"https:\/\/agora.com.do\/santiago\/sonrisas\/fundaciones-regala-sonrisas-3\/","og_site_name":"Santiago","article_publisher":"https:\/\/www.facebook.com\/agorasantiagocenter\/","article_modified_time":"2025-04-10T20:10:12+00:00","og_image":[{"width":1032,"height":477,"url":"https:\/\/agora.com.do\/santiago\/wp-content\/uploads\/sites\/2\/2025\/04\/residencia-bethania.jpg","type":"image\/jpeg"}],"twitter_card":"summary_large_image","twitter_site":"@agorasantiagoc","twitter_misc":{"Est. reading time":"1 minuto"},"schema":{"@context":"https:\/\/schema.org","@graph":[{"@type":"WebPage","@id":"https:\/\/agora.com.do\/santiago\/sonrisas\/fundaciones-regala-sonrisas-3\/","url":"https:\/\/agora.com.do\/santiago\/sonrisas\/fundaciones-regala-sonrisas-3\/","name":"Fundaciones Regala Sonrisas 2019 - Santiago","isPartOf":{"@id":"https:\/\/agora.com.do\/santiago\/#website"},"primaryImageOfPage":{"@id":"https:\/\/agora.com.do\/santiago\/sonrisas\/fundaciones-regala-sonrisas-3\/#primaryimage"},"image":{"@id":"https:\/\/agora.com.do\/santiago\/sonrisas\/fundaciones-regala-sonrisas-3\/#primaryimage"},"thumbnailUrl":"https:\/\/agora.com.do\/santiago\/wp-content\/uploads\/sites\/2\/2025\/04\/residencia-bethania.jpg","datePublished":"2025-04-10T19:10:00+00:00","dateModified":"2025-04-10T20:10:12+00:00","breadcrumb":{"@id":"https:\/\/agora.com.do\/santiago\/sonrisas\/fundaciones-regala-sonrisas-3\/#breadcrumb"},"inLanguage":"es-DO","potentialAction":[{"@type":"ReadAction","target":["https:\/\/agora.com.do\/santiago\/sonrisas\/fundaciones-regala-sonrisas-3\/"]}]},{"@type":"ImageObject","inLanguage":"es-DO","@id":"https:\/\/agora.com.do\/santiago\/sonrisas\/fundaciones-regala-sonrisas-3\/#primaryimage","url":"https:\/\/agora.com.do\/santiago\/wp-content\/uploads\/sites\/2\/2025\/04\/residencia-bethania.jpg","contentUrl":"https:\/\/agora.com.do\/santiago\/wp-content\/uploads\/sites\/2\/2025\/04\/residencia-bethania.jpg","width":1032,"height":477},{"@type":"BreadcrumbList","@id":"https:\/\/agora.com.do\/santiago\/sonrisas\/fundaciones-regala-sonrisas-3\/#breadcrumb","itemListElement":[{"@type":"ListItem","position":1,"name":"Home","item":"https:\/\/agora.com.do\/santiago\/"},{"@type":"ListItem","position":2,"name":"Sonrisas","item":"https:\/\/agora.com.do\/santiago\/sonrisas\/"},{"@type":"ListItem","position":3,"name":"Fundaciones Regala Sonrisas 2019"}]},{"@type":"WebSite","@id":"https:\/\/agora.com.do\/santiago\/#website","url":"https:\/\/agora.com.do\/santiago\/","name":"\u00c1gora Santiago Center","description":"","publisher":{"@id":"https:\/\/agora.com.do\/santiago\/#organization"},"potentialAction":[{"@type":"SearchAction","target":{"@type":"EntryPoint","urlTemplate":"https:\/\/agora.com.do\/santiago\/?s={search_term_string}"},"query-input":{"@type":"PropertyValueSpecification","valueRequired":true,"valueName":"search_term_string"}}],"inLanguage":"es-DO"},{"@type":"Organization","@id":"https:\/\/agora.com.do\/santiago\/#organization","name":"\u00c1gora Santiago Center","url":"https:\/\/agora.com.do\/santiago\/","logo":{"@type":"ImageObject","inLanguage":"es-DO","@id":"https:\/\/agora.com.do\/santiago\/#\/schema\/logo\/image\/","url":"https:\/\/agora.com.do\/santiago\/wp-content\/uploads\/sites\/2\/2025\/04\/image-3-1.png","contentUrl":"https:\/\/agora.com.do\/santiago\/wp-content\/uploads\/sites\/2\/2025\/04\/image-3-1.png","width":263,"height":81,"caption":"\u00c1gora Santiago Center"},"image":{"@id":"https:\/\/agora.com.do\/santiago\/#\/schema\/logo\/image\/"},"sameAs":["https:\/\/www.facebook.com\/agorasantiagocenter\/","https:\/\/x.com\/agorasantiagoc","https:\/\/www.instagram.com\/agorasantiagocenter\/","https:\/\/www.tiktok.com\/@agorasantiagocenter","https:\/\/www.youtube.com\/@agorasantiagocenter-Stgo"]}]}},"_links":{"self":[{"href":"https:\/\/agora.com.do\/santiago\/wp-json\/wp\/v2\/sonrisas\/311","targetHints":{"allow":["GET"]}}],"collection":[{"href":"https:\/\/agora.com.do\/santiago\/wp-json\/wp\/v2\/sonrisas"}],"about":[{"href":"https:\/\/agora.com.do\/santiago\/wp-json\/wp\/v2\/types\/sonrisas"}],"wp:featuredmedia":[{"embeddable":true,"href":"https:\/\/agora.com.do\/santiago\/wp-json\/wp\/v2\/media\/342"}],"wp:attachment":[{"href":"https:\/\/agora.com.do\/santiago\/wp-json\/wp\/v2\/media?parent=311"}],"curies":[{"name":"wp","href":"https:\/\/api.w.org\/{rel}","templated":true}]}}